{"version":"1.0","provider_name":"Dosde","provider_url":"https:\/\/pre.dosde.com\/fr\/","author_name":"seocom","author_url":"https:\/\/pre.dosde.com\/fr\/author\/seocom\/","title":"C\u00e1thedrale de Majorque - Dosde","type":"rich","width":600,"height":338,"html":"<blockquote class=\"wp-embedded-content\" data-secret=\"4B7y9Rre2M\"><a href=\"https:\/\/pre.dosde.com\/fr\/cathedrale-de-majorque\/\">C\u00e1thedrale de Majorque<\/a><\/blockquote><iframe sandbox=\"allow-scripts\" security=\"restricted\" src=\"https:\/\/pre.dosde.com\/fr\/cathedrale-de-majorque\/embed\/#?secret=4B7y9Rre2M\" width=\"600\" height=\"338\" title=\"\u00ab\u00a0C\u00e1thedrale de Majorque\u00a0\u00bb &#8212; Dosde\" data-secret=\"4B7y9Rre2M\" frameborder=\"0\" marginwidth=\"0\" marginheight=\"0\" scrolling=\"no\" class=\"wp-embedded-content\"><\/iframe><script>\n\/*! This file is auto-generated *\/\n!function(d,l){\"use strict\";l.querySelector&&d.addEventListener&&\"undefined\"!=typeof URL&&(d.wp=d.wp||{},d.wp.receiveEmbedMessage||(d.wp.receiveEmbedMessage=function(e){var t=e.data;if((t||t.secret||t.message||t.value)&&!\/[^a-zA-Z0-9]\/.test(t.secret)){for(var s,r,n,a=l.querySelectorAll('iframe[data-secret=\"'+t.secret+'\"]'),o=l.querySelectorAll('blockquote[data-secret=\"'+t.secret+'\"]'),c=new RegExp(\"^https?:$\",\"i\"),i=0;i<o.length;i++)o[i].style.display=\"none\";for(i=0;i<a.length;i++)s=a[i],e.source===s.contentWindow&&(s.removeAttribute(\"style\"),\"height\"===t.message?(1e3<(r=parseInt(t.value,10))?r=1e3:~~r<200&&(r=200),s.height=r):\"link\"===t.message&&(r=new URL(s.getAttribute(\"src\")),n=new URL(t.value),c.test(n.protocol))&&n.host===r.host&&l.activeElement===s&&(d.top.location.href=t.value))}},d.addEventListener(\"message\",d.wp.receiveEmbedMessage,!1),l.addEventListener(\"DOMContentLoaded\",function(){for(var e,t,s=l.querySelectorAll(\"iframe.wp-embedded-content\"),r=0;r<s.length;r++)(t=(e=s[r]).getAttribute(\"data-secret\"))||(t=Math.random().toString(36).substring(2,12),e.src+=\"#?secret=\"+t,e.setAttribute(\"data-secret\",t)),e.contentWindow.postMessage({message:\"ready\",secret:t},\"*\")},!1)))}(window,document);\n\/\/# sourceURL=https:\/\/pre.dosde.com\/wp-includes\/js\/wp-embed.min.js\n<\/script>\n","thumbnail_url":"https:\/\/pre.dosde.com\/wp-content\/uploads\/2026\/06\/dosde-picasso-Museo-Bacelona_45-009-03_B06.webp","thumbnail_width":1487,"thumbnail_height":826,"description":"Histoire de la cath\u00e9drale de Majorque \u00c0 la fin du XIXe si\u00e8cle, l\u2019\u00e9v\u00eaque Pere Campins encouragea la r\u00e9novation de la distribution interne et de la d\u00e9coration de la cath\u00e9drale de Palma de Majorque, b\u00e2tie entre les XIIIe et XIVe si\u00e8cles. D\u00e9\u00e7u par les propositions des architectes dioc\u00e9sains, Campins se rendit \u00e0 Barcelone en 1899 pour ... Lire la suite"}