{"version":"1.0","provider_name":"Dosde","provider_url":"https:\/\/pre.dosde.com\/fr\/","author_name":"seocom","author_url":"https:\/\/pre.dosde.com\/fr\/author\/seocom\/","title":"Le coll\u00e8ge des Th\u00e9r\u00e9siennes de Barcelone - Dosde","type":"rich","width":600,"height":338,"html":"<blockquote class=\"wp-embedded-content\" data-secret=\"7o8bOj5A1j\"><a href=\"https:\/\/pre.dosde.com\/fr\/le-college-des-theresiennes-de-barcelone\/\">Le coll\u00e8ge des Th\u00e9r\u00e9siennes de Barcelone<\/a><\/blockquote><iframe sandbox=\"allow-scripts\" security=\"restricted\" src=\"https:\/\/pre.dosde.com\/fr\/le-college-des-theresiennes-de-barcelone\/embed\/#?secret=7o8bOj5A1j\" width=\"600\" height=\"338\" title=\"\u00ab\u00a0Le coll\u00e8ge des Th\u00e9r\u00e9siennes de Barcelone\u00a0\u00bb &#8212; Dosde\" data-secret=\"7o8bOj5A1j\" frameborder=\"0\" marginwidth=\"0\" marginheight=\"0\" scrolling=\"no\" class=\"wp-embedded-content\"><\/iframe><script>\n\/*! This file is auto-generated *\/\n!function(d,l){\"use strict\";l.querySelector&&d.addEventListener&&\"undefined\"!=typeof URL&&(d.wp=d.wp||{},d.wp.receiveEmbedMessage||(d.wp.receiveEmbedMessage=function(e){var t=e.data;if((t||t.secret||t.message||t.value)&&!\/[^a-zA-Z0-9]\/.test(t.secret)){for(var s,r,n,a=l.querySelectorAll('iframe[data-secret=\"'+t.secret+'\"]'),o=l.querySelectorAll('blockquote[data-secret=\"'+t.secret+'\"]'),c=new RegExp(\"^https?:$\",\"i\"),i=0;i<o.length;i++)o[i].style.display=\"none\";for(i=0;i<a.length;i++)s=a[i],e.source===s.contentWindow&&(s.removeAttribute(\"style\"),\"height\"===t.message?(1e3<(r=parseInt(t.value,10))?r=1e3:~~r<200&&(r=200),s.height=r):\"link\"===t.message&&(r=new URL(s.getAttribute(\"src\")),n=new URL(t.value),c.test(n.protocol))&&n.host===r.host&&l.activeElement===s&&(d.top.location.href=t.value))}},d.addEventListener(\"message\",d.wp.receiveEmbedMessage,!1),l.addEventListener(\"DOMContentLoaded\",function(){for(var e,t,s=l.querySelectorAll(\"iframe.wp-embedded-content\"),r=0;r<s.length;r++)(t=(e=s[r]).getAttribute(\"data-secret\"))||(t=Math.random().toString(36).substring(2,12),e.src+=\"#?secret=\"+t,e.setAttribute(\"data-secret\",t)),e.contentWindow.postMessage({message:\"ready\",secret:t},\"*\")},!1)))}(window,document);\n\/\/# sourceURL=https:\/\/pre.dosde.com\/wp-includes\/js\/wp-embed.min.js\n<\/script>\n","description":"Gaud\u00ed et le coll\u00e8ge des Th\u00e9r\u00e9siennes de Barcelone En 1889, Henri de Osso y Cervello, fondateur de la congr\u00e9gation des Th\u00e9r\u00e9siennes, chargea Gaud\u00ed de la continuation du projet d\u2019un grand \u00e9difice dans le village de Sant Gervasi de Cassoles \u2013int\u00e9gr\u00e9 \u00e0 Barcelone peu de temps apr\u00e8s\u2013 cens\u00e9 abriter une \u00e9cole de filles avec internat mais ... Lire la suite"}